{"id":602,"date":"2024-06-18T15:16:33","date_gmt":"2024-06-18T13:16:33","guid":{"rendered":"https:\/\/kinderarzt-westbad.de.w01f307d.kasserver.com\/?page_id=602"},"modified":"2025-09-08T09:51:43","modified_gmt":"2025-09-08T07:51:43","slug":"terminpraxis","status":"publish","type":"page","link":"https:\/\/kinderarzt-westbad.de\/es\/terminpraxis\/","title":{"rendered":"Pr\u00e1ctica de citas"},"content":{"rendered":"<div class=\"gb-container gb-container-8273e874 gbp-section\">\n<div class=\"gb-container gb-container-587032dd gbp-section__inner\">\n<div class=\"gb-grid-wrapper gb-grid-wrapper-f649c1ca\">\n<div class=\"gb-grid-column gb-grid-column-35f60881\"><div class=\"gb-container gb-container-35f60881 gbp-card\">\n\n<h1 class=\"wp-block-heading\">Estimados pacientes,<br>Estimadas familias, somos una consulta de pedidos.<\/h1>\n\n\n\n<p>Necesitamos su ayuda y su confianza para que nuestra consulta pueda planificarse de la mejor manera posible para usted y para todos nosotros. A continuaci\u00f3n le explicamos c\u00f3mo puede concertar una cita con nosotros. Por favor, l\u00e9alo todo con atenci\u00f3n y tranquilidad.<\/p>\n\n\n<div class=\"gb-container gb-container-8ac4f923 gb-accordion\">\n<div class=\"gb-container gb-container-0954d689 gb-accordion__item gb-accordion__item-open\" data-transition=\"slide\">\n<div class=\"gb-container gb-container-27e8b2db gb-accordion__toggle gb-block-is-current\" id=\"gb-accordion-toggle-27e8b2db\" role=\"button\" tabindex=\"0\">\n\n<h2 class=\"gb-headline gb-headline-c84f88bc\"><span class=\"gb-icon\"><svg aria-hidden=\"true\" role=\"img\" height=\"1em\" width=\"1em\" viewbox=\"0 0 448 512\" xmlns=\"http:\/\/www.w3.org\/2000\/svg\"><path fill=\"currentColor\" d=\"M207.029 381.476L12.686 187.132c-9.373-9.373-9.373-24.569 0-33.941l22.667-22.667c9.357-9.357 24.522-9.375 33.901-.04L224 284.505l154.745-154.021c9.379-9.335 24.544-9.317 33.901.04l22.667 22.667c9.373 9.373 9.373 24.569 0 33.941L240.971 381.476c-9.373 9.372-24.569 9.372-33.942 0z\"><\/path><\/svg><\/span><span class=\"gb-headline-text\">Presentaci\u00f3n aguda y nuevas familias: Llamada telef\u00f3nica<\/span><\/h2>\n\n<\/div>\n\n<div id=\"gb-accordion-content-c9ad3b51\" class=\"gb-accordion__content\"><div class=\"gb-container gb-container-c9ad3b51\">\n\n<ul class=\"wp-block-list\">\n<li>Cada paciente con una enfermedad (aguda o de larga duraci\u00f3n) y cada nueva familia recibe una cita por tel\u00e9fono. Sin embargo, si acude a nuestra consulta en persona, se le dar\u00e1 cita en el mostrador.<\/li>\n\n\n\n<li>Ll\u00e1menos entre las 7.30 y las 9.30 horas y le daremos cita para una enfermedad aguda el mismo d\u00eda.<\/li>\n\n\n\n<li>Le rogamos que respete al m\u00e1ximo la hora acordada; si se retrasa m\u00e1s de 10 minutos, se le dar\u00e1 una nueva cita en el mostrador o por tel\u00e9fono. No obstante, le rogamos que no se presente con mucho tiempo de antelaci\u00f3n, ya que de lo contrario supondr\u00e1 una carga innecesaria para usted, su hijo y nuestras salas de espera.<\/li>\n\n\n\n<li>Si la enfermedad de su hijo no pone en peligro su vida pero es inusualmente grave, puede presentarse en el mostrador de nuestra consulta. Una enfermera de pediatr\u00eda o, en caso necesario, un m\u00e9dico, evaluar\u00e1 inmediatamente si su hijo necesita ser atendido sin demora. Si consideramos que la enfermedad no es urgente, le daremos cita en el mostrador.<\/li>\n\n\n\n<li>Si no puede ponerse en contacto con nosotros por tel\u00e9fono, env\u00edenos un correo electr\u00f3nico con su n\u00famero de tel\u00e9fono en casos excepcionales. Intentaremos ponernos en contacto con usted en un plazo razonable.<\/li>\n<\/ul>\n\n\n<div class=\"gb-container gb-container-c1afd0d4\">\n\n<p>\u00bfPor qu\u00e9 queremos este enfoque? Hasta ahora, usted ten\u00eda que pasar el tiempo de espera en la sala de espera. Esto era una carga para su hijo, para usted y para nosotros. Gracias a una estructuraci\u00f3n precisa, tendr\u00e1 el mismo tiempo de espera hasta la consulta m\u00e9dica, pero lo pasar\u00e1 mucho m\u00e1s c\u00f3modamente y con un menor riesgo de infecci\u00f3n para todos en el entorno familiar y tranquilo de su casa.<\/p>\n\n<\/div>\n<\/div><\/div>\n<\/div>\n\n<div class=\"gb-container gb-container-e6863284 gb-accordion__item\" data-transition=\"slide\">\n<div class=\"gb-container gb-container-ee8d5a31 gb-accordion__toggle\" id=\"gb-accordion-toggle-ee8d5a31\" role=\"button\" tabindex=\"0\">\n\n<h2 class=\"gb-headline gb-headline-32ef28f5\"><span class=\"gb-icon\"><svg aria-hidden=\"true\" role=\"img\" height=\"1em\" width=\"1em\" viewbox=\"0 0 448 512\" xmlns=\"http:\/\/www.w3.org\/2000\/svg\"><path fill=\"currentColor\" d=\"M207.029 381.476L12.686 187.132c-9.373-9.373-9.373-24.569 0-33.941l22.667-22.667c9.357-9.357 24.522-9.375 33.901-.04L224 284.505l154.745-154.021c9.379-9.335 24.544-9.317 33.901.04l22.667 22.667c9.373 9.373 9.373 24.569 0 33.941L240.971 381.476c-9.373 9.372-24.569 9.372-33.942 0z\"><\/path><\/svg><\/span><span class=\"gb-headline-text\">Citas para vacunaci\u00f3n: PracticeApp<\/span><\/h2>\n\n<\/div>\n\n<div id=\"gb-accordion-content-f703cfac\" class=\"gb-accordion__content\"><div class=\"gb-container gb-container-f703cfac\">\n\n<ul class=\"wp-block-list\">\n<li>Solo puede concertar una cita para vacunarse a trav\u00e9s de la aplicaci\u00f3n de la consulta.<\/li>\n\n\n\n<li>Se ruega concertar una cita de vacunaci\u00f3n para cada ni\u00f1o por separado. La presentaci\u00f3n espont\u00e1nea de hermanos no es posible por motivos de organizaci\u00f3n.<\/li>\n\n\n\n<li>Por favor, reserve siempre la cita para la siguiente vacunaci\u00f3n. Esto se debe a que cualquier enfermedad de su hijo u otras circunstancias imprevistas alterar\u00e1n su calendario de vacunaci\u00f3n y tambi\u00e9n afectar\u00e1n al posible periodo de citas posteriores.<\/li>\n\n\n\n<li>Por motivos de organizaci\u00f3n, lamentablemente no se pueden tramitar las solicitudes de cita por correo electr\u00f3nico, tel\u00e9fono o en persona en el mostrador.<\/li>\n\n\n\n<li>Las vacunas administradas durante un chequeo m\u00e9dico preventivo no requieren una cita de vacunaci\u00f3n aparte.<\/li>\n\n\n\n<li>Si su hijo est\u00e1 enfermo en la fecha de vacunaci\u00f3n o no ha tenido fiebre durante 14 d\u00edas, le rogamos que cancele la cita de vacunaci\u00f3n con al menos 24 horas de antelaci\u00f3n por correo electr\u00f3nico o por tel\u00e9fono. De este modo, la cita estar\u00e1 disponible para los dem\u00e1s pacientes. Si no est\u00e1 seguro de que su hijo est\u00e9 suficientemente sano para la vacunaci\u00f3n, p\u00f3ngase en contacto con nosotros por tel\u00e9fono antes de la misma.<\/li>\n\n\n\n<li>Una cita de vacunaci\u00f3n s\u00f3lo sirve para una vacunaci\u00f3n.<\/li>\n\n\n\n<li>Encontrar\u00e1 el calendario de vacunaciones y revisiones previstas en nuestra p\u00e1gina web, en el apartado \"Calendario de citas en l\u00ednea\".<\/li>\n<\/ul>\n\n<\/div><\/div>\n<\/div>\n\n<div class=\"gb-container gb-container-511051c4 gb-accordion__item\" data-transition=\"slide\">\n<div class=\"gb-container gb-container-26d669aa gb-accordion__toggle\" id=\"gb-accordion-toggle-26d669aa\" role=\"button\" tabindex=\"0\">\n\n<h2 class=\"gb-headline gb-headline-48ed3b5f\"><span class=\"gb-icon\"><svg aria-hidden=\"true\" role=\"img\" height=\"1em\" width=\"1em\" viewbox=\"0 0 448 512\" xmlns=\"http:\/\/www.w3.org\/2000\/svg\"><path fill=\"currentColor\" d=\"M207.029 381.476L12.686 187.132c-9.373-9.373-9.373-24.569 0-33.941l22.667-22.667c9.357-9.357 24.522-9.375 33.901-.04L224 284.505l154.745-154.021c9.379-9.335 24.544-9.317 33.901.04l22.667 22.667c9.373 9.373 9.373 24.569 0 33.941L240.971 381.476c-9.373 9.372-24.569 9.372-33.942 0z\"><\/path><\/svg><\/span><span class=\"gb-headline-text\">Chequeos m\u00e9dicos preventivos: PracticeApp<\/span><\/h2>\n\n<\/div>\n\n<div id=\"gb-accordion-content-d1cdb86e\" class=\"gb-accordion__content\"><div class=\"gb-container gb-container-d1cdb86e\">\n\n<ul class=\"wp-block-list\">\n<li>Pida cita a trav\u00e9s de la aplicaci\u00f3n de la consulta. Las excepciones son las citas para un examen U2 o U3, que puede solicitar por tel\u00e9fono.<\/li>\n\n\n\n<li>Le rogamos que concierte una cita con antelaci\u00f3n suficiente. La experiencia demuestra que la mayor\u00eda de las citas para las revisiones a partir de los 7 a\u00f1os est\u00e1n completas con unos 3 meses de antelaci\u00f3n. Naturalmente, las citas de los ni\u00f1os de 4 a 6 a\u00f1os no tienen tanto tiempo de antelaci\u00f3n.<\/li>\n\n\n\n<li>Se ruega concertar una cita separada para cada ni\u00f1o. La presentaci\u00f3n conjunta espont\u00e1nea de hermanos no es posible por motivos de organizaci\u00f3n.<\/li>\n\n\n\n<li>Por favor, reserve siempre la cita para la pr\u00f3xima revisi\u00f3n.<\/li>\n\n\n\n<li>Por motivos de organizaci\u00f3n, lamentablemente no se pueden tramitar las solicitudes de cita por correo electr\u00f3nico, tel\u00e9fono o en persona en el mostrador.<\/li>\n\n\n\n<li>Las vacunas administradas durante un chequeo m\u00e9dico preventivo no requieren una cita de vacunaci\u00f3n aparte.<\/li>\n\n\n\n<li>Puede consultar el calendario de vacunaciones y revisiones previstas en nuestra p\u00e1gina web, en el apartado \"Calendario de citas en l\u00ednea\".<\/li>\n<\/ul>\n\n<\/div><\/div>\n<\/div>\n\n<div class=\"gb-container gb-container-e9a5610f gb-accordion__item\" data-transition=\"slide\">\n<div class=\"gb-container gb-container-f89eb9b9 gb-accordion__toggle\" id=\"gb-accordion-toggle-f89eb9b9\" role=\"button\" tabindex=\"0\">\n\n<h2 class=\"gb-headline gb-headline-0d5b947d\"><span class=\"gb-icon\"><svg aria-hidden=\"true\" role=\"img\" height=\"1em\" width=\"1em\" viewbox=\"0 0 448 512\" xmlns=\"http:\/\/www.w3.org\/2000\/svg\"><path fill=\"currentColor\" d=\"M207.029 381.476L12.686 187.132c-9.373-9.373-9.373-24.569 0-33.941l22.667-22.667c9.357-9.357 24.522-9.375 33.901-.04L224 284.505l154.745-154.021c9.379-9.335 24.544-9.317 33.901.04l22.667 22.667c9.373 9.373 9.373 24.569 0 33.941L240.971 381.476c-9.373 9.372-24.569 9.372-33.942 0z\"><\/path><\/svg><\/span><span class=\"gb-headline-text\">Documentos m\u00e9dicos: Aplicaci\u00f3n pr\u00e1ctica<\/span><\/h2>\n\n<\/div>\n\n<div id=\"gb-accordion-content-cd4c0d8a\" class=\"gb-accordion__content\"><div class=\"gb-container gb-container-cd4c0d8a\">\n\n<ul class=\"wp-block-list\">\n<li>Utilice la funci\u00f3n de chat de PraxisApp para realizar consultas sobre recetas m\u00e9dicas.<\/li>\n\n\n\n<li>Esto incluye: certificados previstos de incapacidad laboral o de enfermedad, prescripciones de medicamentos y ayudas de larga duraci\u00f3n, derivaciones, prescripciones de remedios (logopedia, terapia ocupacional, fisioterapia), certificados de transporte, ingresos hospitalarios previstos.<\/li>\n\n\n\n<li>Los pondremos autom\u00e1ticamente a su disposici\u00f3n para que los recoja transcurridas 24 horas. Si tenemos alguna pregunta que hacerle, nos pondremos en contacto con usted por tel\u00e9fono. Indique siempre sus datos de contacto completos.<\/li>\n\n\n\n<li>Para las curas o rehabilitaciones previstas, le pedimos que escriba detalladamente qui\u00e9n va a ser tratado y por qu\u00e9. Cuando hayamos finalizado la solicitud, nos pondremos en contacto con usted.<\/li>\n<\/ul>\n\n<\/div><\/div>\n<\/div>\n<\/div>\n<\/div><\/div>\n\n<div class=\"gb-grid-column gb-grid-column-c417ce11\"><div class=\"gb-container gb-container-c417ce11\">\n<div class=\"gb-container gb-container-13f4d07b gbp-card\">\n\n<h2 class=\"wp-block-heading has-medium-font-size\">Puede encontrar ayuda m\u00e9dica para su hijo fuera de nuestro horario de consulta:<\/h2>\n\n\n\n<p><strong>Servicio de guardia en la Klinikum St. Georg Leipzig<br><\/strong><a href=\"https:\/\/maps.app.goo.gl\/NuhxRNFJkJdKVEFSA\">Delitzscher Str. 141, Casa 16<br>04129 Leipzig<\/a><\/p>\n\n\n\n<p>Tel\u00e9fono: <a href=\"tel:+493419090\">0341-90 90<\/a><\/p>\n\n\n\n<p>Horario de apertura:<br>Lunes\/jueves\/jueves: 19-21 h<br>Mi\u00e9rcoles\/viernes: 14.00-14.00 S\u00e1bados\/domingos\/festivos\/puentes: 9.00-14.00<br><a href=\"https:\/\/www.santgeorg.de\/\">www.sanktgeorg.de<\/a><\/p>\n\n\n\n<p><strong>Pr\u00e1ctica pedi\u00e1trica Claudia Fiegert<br><\/strong><a href=\"https:\/\/maps.app.goo.gl\/zCxfgEpw9f5k3mi39\">Riebeckstr. 65<br>04317 Leipzig<\/a><br><br>Tel\u00e9fono: <a href=\"tel:+493412158590\" data-type=\"tel\" data-id=\"tel:+493412158590\">0341-215 85 90<\/a><br><br>Horario de apertura:<br>Mi\u00e9rcoles\/viernes 14.00-19.00 h<br>S\u00e1bados, domingos y festivos 8-13 h<br><a href=\"https:\/\/www.kindernotfallzentrum.com\/\">www.kindernotfallzentrum.com<\/a><\/p>\n\n\n\n<p><strong>Para enfermedades agudas (graves) fuera del horario normal de consulta, llame al <a href=\"tel:+493116117\">116 117<\/a>.<\/strong><\/p>\n\n<\/div>\n\n<div class=\"gb-container gb-container-2a627ee2 gbp-card\">\n\n<h2 class=\"wp-block-heading has-base-1-color has-text-color has-link-color has-medium-font-size wp-elements-b020de0a288fefdf562eadb920eb1944\">EMERGENCIA<\/h2>\n\n\n\n<p><strong>N\u00fameros de emergencia de la ciudad de Leipzig<\/strong><br>En situaciones graves o que pongan en peligro la vida, informe inmediatamente a los servicios de emergencia locales. Para reenviar el resumen de n\u00fameros de emergencia <a href=\"https:\/\/www.leipzig.de\/buergerservice-und-verwaltung\/sicherheit-und-ordnung\/notfall\/\"><strong>pulse aqu\u00ed<\/strong>.<\/a><\/p>\n\n\n\n<p><strong>Centro de intoxicaciones<\/strong><br>Si sospecha una intoxicaci\u00f3n, puede ponerse en contacto con el Centro de Toxicolog\u00eda de Erfurt, tel\u00e9fono <a href=\"tel:+49361730730\"><strong>0361 - 730730<\/strong><\/a>, <a href=\"https:\/\/www.ggiz-erfurt.de\/\"><strong>www.ggiz-erfurt.de<\/strong><\/a>, contacto.<\/p>\n\n\n\n<p><strong>Servicio de urgencias de farmacia<\/strong><br><a href=\"https:\/\/www.leipzig.de\/buergerservice-und-verwaltung\/sicherheit-und-ordnung\/notfall\/apothekennotdienst\/\" target=\"_blank\" rel=\"noreferrer noopener\"><strong>Farmacias con servicio de urgencias (Link B\u00fcrgerservice Stadt Leipzig)<\/strong><\/a> cambian diariamente. El servicio de urgencias empieza a las 8.00 y termina a las 7.59 del d\u00eda siguiente. La responsabilidad del servicio de urgencias cambia a partir de las 8.00 horas del d\u00eda siguiente.<\/p>\n\n<\/div>\n<\/div><\/div>\n<\/div>\n<\/div>\n<\/div>","protected":false},"excerpt":{"rendered":"","protected":false},"author":1,"featured_media":3210,"parent":0,"menu_order":40,"comment_status":"closed","ping_status":"closed","template":"","meta":{"_acf_changed":false,"_seopress_robots_primary_cat":"","_seopress_titles_title":"","_seopress_titles_desc":"","_seopress_robots_index":"","inline_featured_image":false,"footnotes":""},"class_list":["post-602","page","type-page","status-publish","has-post-thumbnail"],"acf":[],"_links":{"self":[{"href":"https:\/\/kinderarzt-westbad.de\/es\/wp-json\/wp\/v2\/pages\/602","targetHints":{"allow":["GET"]}}],"collection":[{"href":"https:\/\/kinderarzt-westbad.de\/es\/wp-json\/wp\/v2\/pages"}],"about":[{"href":"https:\/\/kinderarzt-westbad.de\/es\/wp-json\/wp\/v2\/types\/page"}],"author":[{"embeddable":true,"href":"https:\/\/kinderarzt-westbad.de\/es\/wp-json\/wp\/v2\/users\/1"}],"replies":[{"embeddable":true,"href":"https:\/\/kinderarzt-westbad.de\/es\/wp-json\/wp\/v2\/comments?post=602"}],"version-history":[{"count":7,"href":"https:\/\/kinderarzt-westbad.de\/es\/wp-json\/wp\/v2\/pages\/602\/revisions"}],"predecessor-version":[{"id":5323,"href":"https:\/\/kinderarzt-westbad.de\/es\/wp-json\/wp\/v2\/pages\/602\/revisions\/5323"}],"wp:featuredmedia":[{"embeddable":true,"href":"https:\/\/kinderarzt-westbad.de\/es\/wp-json\/wp\/v2\/media\/3210"}],"wp:attachment":[{"href":"https:\/\/kinderarzt-westbad.de\/es\/wp-json\/wp\/v2\/media?parent=602"}],"curies":[{"name":"wp","href":"https:\/\/api.w.org\/{rel}","templated":true}]}}