{"id":594,"date":"2024-06-18T15:15:48","date_gmt":"2024-06-18T13:15:48","guid":{"rendered":"https:\/\/kinderarzt-westbad.de.w01f307d.kasserver.com\/?page_id=594"},"modified":"2024-09-25T09:03:57","modified_gmt":"2024-09-25T07:03:57","slug":"leistungen","status":"publish","type":"page","link":"https:\/\/kinderarzt-westbad.de\/es\/leistungen\/","title":{"rendered":"Servicios"},"content":{"rendered":"<div class=\"gb-container gb-container-76fd4c5d gbp-section\" id=\"kinder-jugend-medizin\">\n<div class=\"gb-container gb-container-bf410f6f gbp-section__inner\">\n<div class=\"gb-grid-wrapper gb-grid-wrapper-897f8f40\">\n<div class=\"gb-grid-column gb-grid-column-c41f54a5\"><div class=\"gb-container gb-container-c41f54a5 gbp-card\"><\/div><\/div>\n\n<div class=\"gb-grid-column gb-grid-column-582e11b9\"><div class=\"gb-container gb-container-582e11b9 gbp-card\">\n\n<h1 class=\"wp-block-heading\">Servicios de pediatr\u00eda y medicina del adolescente<\/h1>\n\n\n\n<p>Tratamos a beb\u00e9s prematuros, lactantes, ni\u00f1os y adolescentes hasta los 18 a\u00f1os con enfermedades agudas y cr\u00f3nicas y realizamos todos los ex\u00e1menes de detecci\u00f3n est\u00e1ndar.<\/p>\n\n\n<div class=\"gb-grid-wrapper gb-grid-wrapper-ee4cca8b\">\n<div class=\"gb-grid-column gb-grid-column-d139e9cc\"><div class=\"gb-container gb-container-d139e9cc\">\n\n<ul class=\"wp-block-list no-btm-margin list-align-left\">\n<li>Tratamientos agudos<\/li>\n\n\n\n<li>Proyecci\u00f3n: U2-U9, U10, U11&nbsp;<\/li>\n\n\n\n<li>Revisiones preventivas para j\u00f3venes de 12 a 18 a\u00f1os: J1, J2<\/li>\n\n\n\n<li>Vacunaci\u00f3n seg\u00fan las recomendaciones de STIKO y SIKO<\/li>\n\n\n\n<li>Ecograf\u00edas de los \u00f3rganos abdominales y de las v\u00edas urinarias<\/li>\n\n\n\n<li>Ex\u00e1menes de protecci\u00f3n laboral de los j\u00f3venes<\/li>\n\n\n\n<li>Pruebas auditivas y oculares (detecci\u00f3n de ambliop\u00eda)<\/li>\n<\/ul>\n\n<\/div><\/div>\n\n<div class=\"gb-grid-column gb-grid-column-c650fca7\"><div class=\"gb-container gb-container-c650fca7\">\n\n<ul class=\"wp-block-list list-align-left\">\n<li>Diagn\u00f3stico y tratamiento de la alergia \/ hiposensibilizaci\u00f3n<\/li>\n\n\n\n<li>Creaci\u00f3n de planes paso a paso para la neurodermatitis<\/li>\n\n\n\n<li>Diagn\u00f3stico de laboratorio<\/li>\n\n\n\n<li>Anestesia y pruebas de operabilidad<\/li>\n\n\n\n<li>Cuidados psicosom\u00e1ticos b\u00e1sicos<\/li>\n\n\n\n<li>Diagn\u00f3stico del desarrollo<\/li>\n\n\n\n<li>Pruebas para determinar la indicaci\u00f3n de prescripciones de logopedia o terapia ocupacional<\/li>\n<\/ul>\n\n<\/div><\/div>\n<\/div>\n<\/div><\/div>\n<\/div>\n<\/div>\n<\/div>\n\n<div class=\"gb-container gb-container-8273e874 gbp-section\" id=\"vorsorgeuntersuchung\">\n<div class=\"gb-container gb-container-587032dd gbp-section__inner\">\n<div class=\"gb-grid-wrapper gb-grid-wrapper-f649c1ca\">\n<div class=\"gb-grid-column gb-grid-column-35f60881\"><div class=\"gb-container gb-container-35f60881 gbp-card\">\n\n<h2 class=\"wp-block-heading\">Revisiones m\u00e9dicas preventivas<\/h2>\n\n\n\n<p>Los cribados U2 a J2 sirven para detectar precozmente enfermedades o retrasos del desarrollo. Adem\u00e1s de un examen f\u00edsico exhaustivo, se realizan pruebas de desarrollo y pruebas visuales y auditivas. Gracias a la detecci\u00f3n precoz de enfermedades y anomal\u00edas del desarrollo, pueden adoptarse a tiempo medidas que permitan un apoyo \u00f3ptimo.<\/p>\n\n\n\n<p><strong>Por favor, recuerde concertar las citas para los periodos legalmente prescritos con la debida antelaci\u00f3n - puesto que queremos dedicarle tiempo extra a usted y a su hijo durante estos ex\u00e1menes, es esencial planificar las citas con suficiente antelaci\u00f3n.<\/strong><\/p>\n\n\n<div class=\"gb-container gb-container-8ac4f923 gb-accordion\">\n<div class=\"gb-container gb-container-0954d689 gb-accordion__item\" data-transition=\"slide\">\n\n<button class=\"gb-button gb-button-27e8b2db gb-accordion__toggle\" id=\"gb-accordion-toggle-27e8b2db\"><span class=\"gb-button-text\">Revisiones recomendadas para ni\u00f1os y adolescentes<\/span><span class=\"gb-icon\"><svg xmlns=\"http:\/\/www.w3.org\/2000\/svg\" viewbox=\"0 0 448 512\" width=\"1em\" height=\"1em\" ariahidden=\"true\" role=\"img\" class=\"gb-accordion__icon\"><path d=\"M207.029 381.476L12.686 187.132c-9.373-9.373-9.373-24.569 0-33.941l22.667-22.667c9.357-9.357 24.522-9.375 33.901-.04L224 284.505l154.745-154.021c9.379-9.335 24.544-9.317 33.901.04l22.667 22.667c9.373 9.373 9.373 24.569 0 33.941L240.971 381.476c-9.373 9.372-24.569 9.372-33.942 0z\" fill=\"currentColor\"><\/path><\/svg><svg xmlns=\"http:\/\/www.w3.org\/2000\/svg\" viewbox=\"0 0 448 512\" width=\"1em\" height=\"1em\" ariahidden=\"true\" role=\"img\" class=\"gb-accordion__icon-open\"><path d=\"M240.971 130.524l194.343 194.343c9.373 9.373 9.373 24.569 0 33.941l-22.667 22.667c-9.357 9.357-24.522 9.375-33.901.04L224 227.495 69.255 381.516c-9.379 9.335-24.544 9.317-33.901-.04l-22.667-22.667c-9.373-9.373-9.373-24.569 0-33.941L207.03 130.525c9.372-9.373 24.568-9.373 33.941-.001z\" fill=\"currentColor\"><\/path><\/svg><\/span><\/button>\n\n\n<div id=\"gb-accordion-content-c9ad3b51\" class=\"gb-accordion__content\"><div class=\"gb-container gb-container-c9ad3b51\">\n\n<figure class=\"wp-block-table is-style-regular prevention-table\"><table><thead><tr><th class=\"has-text-align-left\" data-align=\"left\">Investigaci\u00f3n<br>en grupos de edad<\/th><th class=\"has-text-align-left\" data-align=\"left\">Periodo<\/th><th class=\"has-text-align-left\" data-align=\"left\">Documentos para descargar<\/th><\/tr><\/thead><tbody><tr><td class=\"has-text-align-left\" data-align=\"left\">U1<\/td><td class=\"has-text-align-left\" data-align=\"left\">al nacer<\/td><td class=\"has-text-align-left\" data-align=\"left\"><\/td><\/tr><tr><td class=\"has-text-align-left\" data-align=\"left\">U2<\/td><td class=\"has-text-align-left\" data-align=\"left\">hasta el 10\u00ba d\u00eda de vida<\/td><td class=\"has-text-align-left\" data-align=\"left\"><a href=\"https:\/\/kinderarzt-westbad.de\/wp-content\/uploads\/ElternfragebogenzurU2.pdf\">Cuestionario para padres U2<\/a><\/td><\/tr><tr><td class=\"has-text-align-left\" data-align=\"left\">U3<\/td><td class=\"has-text-align-left\" data-align=\"left\">hasta la 5\u00aa semana de vida<\/td><td class=\"has-text-align-left\" data-align=\"left\"><a href=\"https:\/\/kinderarzt-westbad.de\/wp-content\/uploads\/ElternfragebogenzurU3.pdf\">Cuestionario para padres U3<\/a><\/td><\/tr><tr><td class=\"has-text-align-left\" data-align=\"left\">U4<\/td><td class=\"has-text-align-left\" data-align=\"left\">hasta los 4 meses de edad<\/td><td class=\"has-text-align-left\" data-align=\"left\"><a href=\"https:\/\/kinderarzt-westbad.de\/wp-content\/uploads\/ElternfragebogenzurU4.pdf\">Cuestionario para padres U4<\/a><\/td><\/tr><tr><td class=\"has-text-align-left\" data-align=\"left\">U5<\/td><td class=\"has-text-align-left\" data-align=\"left\">hasta los 7 meses de edad<\/td><td class=\"has-text-align-left\" data-align=\"left\"><a href=\"https:\/\/kinderarzt-westbad.de\/wp-content\/uploads\/ElternfragebogenzurU5.pdf\">Cuestionario para padres U5<\/a><\/td><\/tr><tr><td class=\"has-text-align-left\" data-align=\"left\">U6<\/td><td class=\"has-text-align-left\" data-align=\"left\">hasta los 12 meses de edad<\/td><td class=\"has-text-align-left\" data-align=\"left\"><a href=\"https:\/\/kinderarzt-westbad.de\/wp-content\/uploads\/ElternfragebogenzurU6.pdf\">Cuestionario para padres U6<\/a><\/td><\/tr><tr><td class=\"has-text-align-left\" data-align=\"left\">U7<\/td><td class=\"has-text-align-left\" data-align=\"left\">hasta los 24 meses de edad<\/td><td class=\"has-text-align-left\" data-align=\"left\"><a href=\"https:\/\/kinderarzt-westbad.de\/wp-content\/uploads\/Elternfragebogen-U7-SBE-2-KT.pdf\">Cuestionario para padres U7<\/a><br><a href=\"https:\/\/kinderarzt-westbad.de\/wp-content\/uploads\/SBE-2-KT.pdf\">Evaluaci\u00f3n ling\u00fc\u00edstica SBE-2-KT<\/a><\/td><\/tr><tr><td class=\"has-text-align-left\" data-align=\"left\">U7a<\/td><td class=\"has-text-align-left\" data-align=\"left\">hasta los 36 meses de edad<\/td><td class=\"has-text-align-left\" data-align=\"left\"><a href=\"https:\/\/kinderarzt-westbad.de\/wp-content\/uploads\/Elternfragebogen-U7a-SBE-3-KT.pdf\">Cuestionario para padres U7a<\/a><br><a href=\"https:\/\/kinderarzt-westbad.de\/wp-content\/uploads\/SBE-3-KT.pdf\">Evaluaci\u00f3n ling\u00fc\u00edstica SBE-3-KT<\/a><\/td><\/tr><tr><td class=\"has-text-align-left\" data-align=\"left\">U8<\/td><td class=\"has-text-align-left\" data-align=\"left\">hasta los 48 meses de edad<\/td><td class=\"has-text-align-left\" data-align=\"left\"><a href=\"https:\/\/kinderarzt-westbad.de\/wp-content\/uploads\/ElternfragebogenzurU8.pdf\" target=\"_blank\" rel=\"noreferrer noopener\">Cuestionario para padres<\/a><a href=\"https:\/\/kinderarzt-westbad.de\/wp-content\/uploads\/ElternfragebogenzurU8.pdf\"> <\/a><a href=\"https:\/\/kinderarzt-westbad.de\/wp-content\/uploads\/ElternfragebogenzurU8.pdf\" target=\"_blank\" rel=\"noreferrer noopener\">a la U8<\/a><\/td><\/tr><tr><td class=\"has-text-align-left\" data-align=\"left\">U9<\/td><td class=\"has-text-align-left\" data-align=\"left\">hasta los 66 meses de edad<\/td><td class=\"has-text-align-left\" data-align=\"left\"><a href=\"https:\/\/kinderarzt-westbad.de\/wp-content\/uploads\/ElternfragebogenzurU9.pdf\">Cuestionario para padres U9<\/a><\/td><\/tr><tr><td class=\"has-text-align-left\" data-align=\"left\">U10<\/td><td class=\"has-text-align-left\" data-align=\"left\">De 7 a 8 a\u00f1os*.<\/td><td class=\"has-text-align-left\" data-align=\"left\"><a href=\"https:\/\/kinderarzt-westbad.de\/wp-content\/uploads\/Elternfragebogen-zur-U10.pdf\">Cuestionario para padres U10<\/a><\/td><\/tr><tr><td class=\"has-text-align-left\" data-align=\"left\">U11<\/td><td class=\"has-text-align-left\" data-align=\"left\">De 9 a 10 a\u00f1os<\/td><td class=\"has-text-align-left\" data-align=\"left\"><a href=\"https:\/\/kinderarzt-westbad.de\/wp-content\/uploads\/Elternfragebogen-zur-U11.pdf\">Cuestionario para padres U11<\/a><\/td><\/tr><tr><td class=\"has-text-align-left\" data-align=\"left\">J1<\/td><td class=\"has-text-align-left\" data-align=\"left\">12 a 14 a\u00f1os<\/td><td class=\"has-text-align-left\" data-align=\"left\"><a href=\"https:\/\/kinderarzt-westbad.de\/wp-content\/uploads\/Jugendlichenfragebogen-zur-J1.pdf\">Cuestionario para padres del J1<\/a><\/td><\/tr><tr><td class=\"has-text-align-left\" data-align=\"left\">J2<\/td><td class=\"has-text-align-left\" data-align=\"left\">16 a 17 a\u00f1os<\/td><td class=\"has-text-align-left\" data-align=\"left\"><a href=\"https:\/\/kinderarzt-westbad.de\/wp-content\/uploads\/Jugendlichenfragebogen-zur-J2.pdf\">Cuestionario para padres del J2<\/a><\/td><\/tr><\/tbody><\/table><\/figure>\n\n\n\n<p>*No est\u00e1n cubiertos por todas las compa\u00f1\u00edas de seguros m\u00e9dicos. P\u00f3ngase en contacto con su seguro m\u00e9dico para obtener m\u00e1s informaci\u00f3n.<\/p>\n\n<\/div><\/div>\n<\/div>\n<\/div>\n<\/div><\/div>\n\n<div class=\"gb-grid-column gb-grid-column-c417ce11\"><div class=\"gb-container gb-container-c417ce11 gbp-card\"><\/div><\/div>\n<\/div>\n<\/div>\n<\/div>\n\n<div class=\"gb-container gb-container-2e3d5824 gbp-section\" id=\"impfungen\">\n<div class=\"gb-container gb-container-c8a4d2dc gbp-section__inner\">\n<div class=\"gb-grid-wrapper gb-grid-wrapper-9416adf7\">\n<div class=\"gb-grid-column gb-grid-column-9a29c179\"><div class=\"gb-container gb-container-9a29c179 gbp-card\"><\/div><\/div>\n\n<div class=\"gb-grid-column gb-grid-column-357d56b2\"><div class=\"gb-container gb-container-357d56b2 gbp-card\">\n\n<h1 class=\"wp-block-heading\">Implantes<\/h1>\n\n\n\n<p>Tras consultar con los padres, elaboramos un calendario de vacunaci\u00f3n individual para cada ni\u00f1o. Descargue nuestro <a href=\"https:\/\/kinderarzt-westbad.de\/es\/wichtige-formulare\/\" data-type=\"page\" data-id=\"598\">\"Horario de citas en l\u00ednea\"<\/a> en el que figuran todas las fechas. <strong>(Por favor, comprenda que por razones legales s\u00f3lo podemos llevar a cabo vacunaciones planificadas con una cartilla de vacunaci\u00f3n).<\/strong> La base es el \"Calendario de vacunaci\u00f3n para ni\u00f1os, adolescentes y adultos en el Estado Libre de Sajonia\" (v\u00e9ase la sinopsis Calendario de vacunaci\u00f3n para ni\u00f1os, adolescentes y adultos como descarga). Para los adultos, la Comisi\u00f3n de Vacunaci\u00f3n de Sajonia (SIKO) recomienda un refuerzo contra el t\u00e9tanos, la difteria, la tos ferina y la poliomielitis (\"vacunaci\u00f3n Tdpa-IPV\") cada diez a\u00f1os.<\/p>\n\n\n\n<p>Especialmente cuando nazca un ni\u00f1o, anime a sus familiares y otras personas de contacto (por ejemplo, canguros) a cerrar las brechas de vacunaci\u00f3n. Esto proteger\u00e1 a los beb\u00e9s que a\u00fan no pueden ser inmunizados.<\/p>\n\n\n\n<p>Hable con nosotros. Estaremos encantados de asesorarle.<\/p>\n\n<\/div><\/div>\n<\/div>\n<\/div>\n<\/div>\n\n<div class=\"gb-container gb-container-5c679837 gbp-section\" id=\"igel-leistungen\">\n<div class=\"gb-container gb-container-ae4e28e6 gbp-section__inner\">\n<div class=\"gb-grid-wrapper gb-grid-wrapper-dcb3db8e\">\n<div class=\"gb-grid-column gb-grid-column-7416f245\"><div class=\"gb-container gb-container-7416f245 gbp-card\">\n\n<h1 class=\"wp-block-heading\">Servicios IGEL<\/h1>\n\n\n\n<p>Las prestaciones sanitarias individuales (IGeL) son prestaciones \u00fatiles desde el punto de vista m\u00e9dico que no est\u00e1n incluidas en el cat\u00e1logo de los seguros de enfermedad obligatorios y que, por tanto, no suelen ser reembolsadas por \u00e9stos. Seg\u00fan las normas legales b\u00e1sicas, debemos informarle previamente como paciente o padre sobre este hecho, las prestaciones, los posibles riesgos y los costes. En algunos casos, las compa\u00f1\u00edas de seguros cubrir\u00e1n los costes por razones de competencia. Las prestaciones deben ser abonadas por el paciente y se basan en el GO\u00c4 (baremo de honorarios m\u00e9dicos). En nuestra consulta se expone una lista.<\/p>\n\n\n<div class=\"gb-grid-wrapper gb-grid-wrapper-a5a3acde\">\n<div class=\"gb-grid-column gb-grid-column-9160b433\"><div class=\"gb-container gb-container-9160b433\">\n\n<ul class=\"wp-block-list no-btm-margin list-align-left\">\n<li>Certificados m\u00e9dicos (por ejemplo, guarder\u00eda y colegio)<\/li>\n\n\n\n<li>Solicitudes m\u00e9dicas por escrito <\/li>\n\n\n\n<li>An\u00e1lisis de sangre a petici\u00f3n (\u00a1s\u00f3lo tras una cuidadosa indicaci\u00f3n por nuestra parte!)<\/li>\n\n\n\n<li>Pruebas de aptitud (por ejemplo, para la guarder\u00eda, el deporte, la m\u00fasica, el teatro, el cine, las actividades de vacaciones, el curso de bachillerato)<\/li>\n<\/ul>\n\n<\/div><\/div>\n\n<div class=\"gb-grid-column gb-grid-column-92e92abf\"><div class=\"gb-container gb-container-92e92abf\">\n\n<ul class=\"wp-block-list list-align-left\">\n<li>Ex\u00e1menes m\u00e9dicos fuera del seguro de enfermedad obligatorio<\/li>\n\n\n\n<li>Consejos m\u00e9dicos para viajar<\/li>\n\n\n\n<li>Ex\u00e1menes adicionales de detecci\u00f3n precoz hasta los 14 a\u00f1os (por ejemplo, prueba ocular, prueba auditiva).<\/li>\n\n\n\n<li>Vacunas adicionales<\/li>\n\n\n\n<li>Duplicados de tarjetas de vacunaci\u00f3n<\/li>\n\n\n\n<li>Experiencia en adopci\u00f3n<\/li>\n<\/ul>\n\n<\/div><\/div>\n<\/div>\n<\/div><\/div>\n\n<div class=\"gb-grid-column gb-grid-column-5484c30e\"><div class=\"gb-container gb-container-5484c30e gbp-card\"><\/div><\/div>\n<\/div>\n<\/div>\n<\/div>","protected":false},"excerpt":{"rendered":"","protected":false},"author":1,"featured_media":3203,"parent":0,"menu_order":20,"comment_status":"closed","ping_status":"closed","template":"","meta":{"_acf_changed":false,"_seopress_robots_primary_cat":"","_seopress_titles_title":"","_seopress_titles_desc":"","_seopress_robots_index":"","inline_featured_image":false,"footnotes":""},"class_list":["post-594","page","type-page","status-publish","has-post-thumbnail"],"acf":[],"_links":{"self":[{"href":"https:\/\/kinderarzt-westbad.de\/es\/wp-json\/wp\/v2\/pages\/594","targetHints":{"allow":["GET"]}}],"collection":[{"href":"https:\/\/kinderarzt-westbad.de\/es\/wp-json\/wp\/v2\/pages"}],"about":[{"href":"https:\/\/kinderarzt-westbad.de\/es\/wp-json\/wp\/v2\/types\/page"}],"author":[{"embeddable":true,"href":"https:\/\/kinderarzt-westbad.de\/es\/wp-json\/wp\/v2\/users\/1"}],"replies":[{"embeddable":true,"href":"https:\/\/kinderarzt-westbad.de\/es\/wp-json\/wp\/v2\/comments?post=594"}],"version-history":[{"count":8,"href":"https:\/\/kinderarzt-westbad.de\/es\/wp-json\/wp\/v2\/pages\/594\/revisions"}],"predecessor-version":[{"id":3204,"href":"https:\/\/kinderarzt-westbad.de\/es\/wp-json\/wp\/v2\/pages\/594\/revisions\/3204"}],"wp:featuredmedia":[{"embeddable":true,"href":"https:\/\/kinderarzt-westbad.de\/es\/wp-json\/wp\/v2\/media\/3203"}],"wp:attachment":[{"href":"https:\/\/kinderarzt-westbad.de\/es\/wp-json\/wp\/v2\/media?parent=594"}],"curies":[{"name":"wp","href":"https:\/\/api.w.org\/{rel}","templated":true}]}}